{"id":7430,"date":"2022-11-18T00:03:08","date_gmt":"2022-11-17T23:03:08","guid":{"rendered":"https:\/\/tomasliska.com\/invisible-faces\/"},"modified":"2022-11-18T00:03:08","modified_gmt":"2022-11-17T23:03:08","slug":"invisible-faces","status":"publish","type":"page","link":"https:\/\/tomasliska.com\/en\/invisible-faces\/","title":{"rendered":"Invisible Faces"},"content":{"rendered":"\n\n\t\t\t\t<img loading=\"lazy\" decoding=\"async\" src=\"https:\/\/tomasliska.com\/assets\/uploads\/sites\/1372\/2022\/11\/invisible-faces.png\" alt=\"Invisible_faces\" height=\"782\" width=\"872\" title=\"Invisible_faces\" \/>\n\t<p>Animal Music vyd\u00e1v\u00e1 nov\u00e9 album kontrabasisty a skladatele Tom\u00e1\u0161e Li\u0161ky s\u00a0n\u00e1zvem Invisible Faces, stylov\u011b navazuj\u00edc\u00ed i\u00a0n\u00e1zvem odkazuj\u00edc\u00ed na jeho \u00fasp\u011b\u0161n\u00fd sedm let star\u00fd projekt Invisible World.<\/p>\n<p>S\u00a0autorem na albu \u00fa\u010dinkuj\u00ed srbsk\u00fd akordeonista Nikola Zari\u0107, tueck\u00fd houslista Efe Turumtay, kytarista David Dor\u016f\u017eka a hr\u00e1\u010d na bic\u00ed a perkuse Kamil Slez\u00e1k.<\/p>\n\t\t\t\t<img loading=\"lazy\" decoding=\"async\" src=\"https:\/\/tomasliska.com\/assets\/uploads\/sites\/1372\/2022\/11\/if-back.png\" alt=\"IF_back\" height=\"783\" width=\"873\" title=\"IF_back\" \/>\n\t<p>Na albu Invisible Faces se kontrabasista a skladatel Tom\u00e1\u0161 Li\u0161ka vrac\u00ed ke stylu i zvuku sv\u00e9ho \u00fasp\u011b\u0161n\u00e9ho projektu \u201eInvisible World&#8221; (2009). Autorovy vlastn\u00ed skladby (dopln\u011bn\u00e9 o jednu tureckou lidovou p\u00edse\u0148), inspirovan\u00e9 lidovou hudbou mnoha provenienc\u00ed, osciluj\u00ed mezi melodickou lyrikou i\u00a0rytmickou v\u00fdbu\u0161nost\u00ed a nab\u00edzej\u00ed siln\u00e9 emocion\u00e1ln\u00ed z\u00e1\u017eitky.<\/p>\n\t\n\t\n\n","protected":false},"excerpt":{"rendered":"<p>Animal Music vyd\u00e1v\u00e1 nov\u00e9 album kontrabasisty a skladatele Tom\u00e1\u0161e Li\u0161ky s\u00a0n\u00e1zvem Invisible Faces, stylov\u011b navazuj\u00edc\u00ed i\u00a0n\u00e1zvem odkazuj\u00edc\u00ed na jeho \u00fasp\u011b\u0161n\u00fd sedm let star\u00fd projekt Invisible World. S\u00a0autorem na albu \u00fa\u010dinkuj\u00ed srbsk\u00fd akordeonista Nikola Zari\u0107, tueck\u00fd houslista Efe Turumtay, kytarista David Dor\u016f\u017eka a hr\u00e1\u010d na bic\u00ed a perkuse Kamil Slez\u00e1k. Na albu Invisible Faces se kontrabasista&hellip;<\/p>\n","protected":false},"author":935,"featured_media":0,"parent":0,"menu_order":0,"comment_status":"closed","ping_status":"closed","template":"","meta":{"footnotes":""},"class_list":["post-7430","page","type-page","status-publish","hentry"],"_links":{"self":[{"href":"https:\/\/tomasliska.com\/en\/wp-json\/wp\/v2\/pages\/7430","targetHints":{"allow":["GET"]}}],"collection":[{"href":"https:\/\/tomasliska.com\/en\/wp-json\/wp\/v2\/pages"}],"about":[{"href":"https:\/\/tomasliska.com\/en\/wp-json\/wp\/v2\/types\/page"}],"author":[{"embeddable":true,"href":"https:\/\/tomasliska.com\/en\/wp-json\/wp\/v2\/users\/935"}],"replies":[{"embeddable":true,"href":"https:\/\/tomasliska.com\/en\/wp-json\/wp\/v2\/comments?post=7430"}],"version-history":[{"count":0,"href":"https:\/\/tomasliska.com\/en\/wp-json\/wp\/v2\/pages\/7430\/revisions"}],"wp:attachment":[{"href":"https:\/\/tomasliska.com\/en\/wp-json\/wp\/v2\/media?parent=7430"}],"curies":[{"name":"wp","href":"https:\/\/api.w.org\/{rel}","templated":true}]}}