{"id":7427,"date":"2022-11-18T00:42:31","date_gmt":"2022-11-17T23:42:31","guid":{"rendered":"https:\/\/tomasliska.com\/nahravky-sideman\/"},"modified":"2022-12-04T08:00:25","modified_gmt":"2022-12-04T07:00:25","slug":"nahravky-sideman","status":"publish","type":"page","link":"https:\/\/tomasliska.com\/en\/nahravky-sideman\/","title":{"rendered":"AS A SIDEMAN"},"content":{"rendered":"\n\n\t\t\t\t\t<ul id=\"menu-nahravky\"><li id=\"menu-item-7228\"><a href=\"https:\/\/tomasliska.com\/en\/nahravky\/\">RECORDINGS<\/a><\/li>\n<li id=\"menu-item-7227\"><a href=\"https:\/\/tomasliska.com\/en\/nahravky-sideman\/\">AS A SIDEMAN<\/a><\/li>\n<\/ul>\t\n\t<h1>\n\t\tAS A SIDEMAN APPEARS ON&#8230;\n\t<\/h1>\n\t\t\t\t<img decoding=\"async\" src=\"https:\/\/tomasliska.com\/assets\/uploads\/sites\/1372\/2022\/11\/obal-dil-druhy-m.jpg\" alt=\"obal-dil-druhy_m\" title=\"obal-dil-druhy_m\" \/>\n\t\t\t<h2> Robert K\u0159es\u0165an &amp; Druh\u00e1 tr\u00e1va<\/h2><h2>D\u00edl druh\u00fd<\/h2>\t\t\t\n\t\t\t\t<p>Album z roku 2022<\/p>\n<p>Produkce _________________ Eddie Stevens &amp; Druh\u00e1 tr\u00e1va<br \/>Nato\u010deno ve studi\u00edch Sono Records, Nouzov, \u010cesk\u00e1 republika v dubnu 2020, zvuk Adam Karl\u00edk<br \/>a Birdland Studios, Pova\u017esk\u00e1 Tepl\u00e1, Slovensko v lednu 2022, zvuk Milo\u0161 Rojko ml.<br \/>Hudebn\u00ed produkce ____ Eddie Stevens<br \/>Mix ________________ Eddie Stevens, Rancid Mead Sorbet Studios, Fulham, Lond\u00fdn<\/p>\n\t\t\t\t<img decoding=\"async\" src=\"https:\/\/tomasliska.com\/assets\/uploads\/sites\/1372\/2022\/11\/king-n-doom-king-n-doom-feat-lo-big-81910.jpg\" alt=\"king_n_doom_king_n_doom_feat_lo_big_81910\" title=\"king_n_doom_king_n_doom_feat_lo_big_81910\" \/>\n\t\t\t<h2>King n&#8217; Doom (feat. Cheikh L\u00f4)<\/h2><h2>Colours of Ostrava Live<\/h2>\t\t\t\n\t\t\t\t<p>Album z roku 2022, kter\u00e9 zachytilo prvn\u00ed koncert t\u00e9to unik\u00e1tn\u00ed sestavy na Colours of Ostrava.<\/p>\n<p>Cheikh L\u00f4 \/ Senegal &#8211; vocal, el. guitar, drums, timbales<br \/>Pavel \u0160m\u00edd \/ Czech Republic &#8211; el. guitar<br \/>Sharon &#8220;Shasha&#8221; Mansur \/ Israel &#8211; keys<br \/>Dave Smith \/ United Kingdom- drums<br \/>Leopold L\u00f4 \/ Senegal &#8211; sabar drums, congas<br \/>Abdoulaye Dembele \/ Burkina Faso &#8211; balafon, djemb\u00e9, n&#8217;goni\/kora<br \/>Tom\u00e1\u0161 Li\u0161ka \/ Czech Republic &#8211; bass guitar<br \/>Petr Sm\u00e9kal \/ Czech Republic &#8211; sax<\/p>\n\t\t\t\t<img decoding=\"async\" src=\"https:\/\/tomasliska.com\/assets\/uploads\/sites\/1372\/2022\/11\/damask-rose.jpeg\" alt=\"damask_rose\" title=\"damask_rose\" \/>\n\t\t\t<h2>Steven Johnston<\/h2><h2>Damask Rose<\/h2>\t\t\t\n\t\t\t\t<p>Pr\u00e1v\u011b vych\u00e1z\u00ed album skotsk\u00e9ho songwritera Steveho Johnstona, na kter\u00e9 jsem nat\u00e1\u010del n\u011bkolik track\u016f. Bezvadn\u00e1 hudba! <a href=\"https:\/\/open.spotify.com\/album\/1K5bt6oRPSNOfSqJtBS9fj?si=qUQNPZh8Q2ulKB0aUzpZDQ\" target=\"_blank\" rel=\"noopener\">Spotify link zde<\/a><\/p>\n\t\t\t\t<img decoding=\"async\" src=\"https:\/\/tomasliska.com\/assets\/uploads\/sites\/1372\/2022\/11\/dil-prvni.jpg\" alt=\"dil_prvni\" title=\"dil_prvni\" \/>\n\t\t\t<h2>Robert K\u0159es\u0165an &amp; Druh\u00e1 tr\u00e1va<\/h2><h2>D\u00edl prvn\u00ed<\/h2>\t\t\t\n\t\t\t\t<p>Dlouho o\u010dek\u00e1van\u00e9 album z roku 2020, kter\u00e9 z\u00edskalo Cenu And\u011bl.<\/p>\n<p>Produkce: Eddie Stevens &amp; Druh\u00e1 tr\u00e1va<br \/>Nahr\u00e1no v pr\u016fb\u011bhu roku 2019 a v lednu 2020 ve studiu Sono Records v Nouzov\u011b a v srpnu 2020 ve Studiu Na Orl\u00ed v Brn\u011b.<br \/>Zvuk: Eddie Stevens, Adam Karl\u00edk, Jana Jel\u00ednkov\u00e1<br \/>Mix: Eddie Stevens at Barmy Fluid Studio, Fulham, London<br \/>Mastering: Darius van Helfteren<br \/>Fotografie: \u00a9 Du\u0161an Tom\u00e1nek, 2020<br \/>Design &amp; layout: \u00a9 Martin Du\u0161ek, 2020<\/p>\n\t\t\t\t<img decoding=\"async\" src=\"https:\/\/tomasliska.com\/assets\/uploads\/sites\/1372\/2022\/11\/fly-tak-let.png\" alt=\"FLY-tak-let\" title=\"FLY-tak-let\" \/>\n\t\t\t<h2>Vladim\u00edr V\u00e1clavek<\/h2><h2>Fly&#8230;Tak le\u0165!<\/h2>\t\t\t\n\t\t\t\t<p>Vadim\u00edr V\u00e1clavek ve spolupr\u00e1ci s Pavlem \u0160m\u00eddem nahr\u00e1li nov\u00e9 studiov\u00e9 album, kter\u00e9 vzniklo v nahr\u00e1vac\u00edm studiu Rustical Records v Brn\u011b v produkci Martina P\u00edra a Pavla \u0160m\u00edda. <br \/>V\u011bt\u0161ina host\u016f na albu nahr\u00e1vala doma v dob\u011b, kdy byl v \u010cR nouzov\u00fd stav, a ve\u0161ker\u00e9 kulturn\u00ed akce byly zru\u0161eny, tud\u00ed\u017e m\u011bli muzikanti \u010das nahr\u00e1vat. V opa\u010dn\u00e9m p\u0159\u00edpad\u011b by takovouto kapelu bylo t\u00e9m\u011b\u0159 nemo\u017en\u00e9 d\u00e1t dohromady. Vladim\u00edr a Pavel na d\u00e1lku nahr\u00e1vali dema p\u00edsn\u00ed, skl\u00e1dali a aran\u017eovali a potom se to v Rustical Records na\u010disto nahr\u00e1lo a ostatn\u00ed hudebn\u00edci poslali sv\u00e9 p\u0159\u00edsp\u011bvky ze sv\u00fdch dom\u00e1c\u00edch studi\u00ed.\u00a0<\/p>\n\t\t\t\t<img decoding=\"async\" src=\"https:\/\/tomasliska.com\/assets\/uploads\/sites\/1372\/2022\/11\/077-hobzek-930x827-1.jpg\" alt=\"077_hobzek_930x827\" title=\"077_hobzek_930x827\" \/>\n\t\t\t<h2>Tom\u00e1\u0161 Hobzek Quartet<\/h2><h2>Supernatural Phenomena<\/h2>\t\t\t\n\t\t\t\t<p>Album z roku 2019. P\u0159edn\u00ed \u010desk\u00fd jazzov\u00fd buben\u00edk a skladatel Tom\u00e1\u0161 Hobzek, zn\u00e1m\u00fd p\u0159edev\u0161\u00edm z kapely Organic Quartet, ji\u017e spoluzalo\u017eil s dnes sv\u011btov\u011b zn\u00e1m\u00fdm varhan\u00edkem Ond\u0159ejem Pivcem, p\u0159in\u00e1\u0161\u00ed na sv\u00e9m druh\u00e9m autorsk\u00e9m albu modern\u00ed jazzov\u00e9 kompozice nato\u010den\u00e9 ve spolupr\u00e1ci se \u0161pi\u010dkov\u00fdmi hr\u00e1\u010di dom\u00e1c\u00ed jazzov\u00e9 sc\u00e9ny &#8211; saxofonistou Marcelem B\u00e1rtou, pianistou V\u00edtem K\u0159i\u0161\u0165anem a kontrabasistou Tom\u00e1\u0161em Li\u0161kou. Perfektn\u011b sehran\u00e1 a \u0159adou koncert\u016f dokonale prov\u011b\u0159en\u00e1 kapela zde p\u0159edv\u00e1d\u00ed jedine\u010dn\u00e9 a autentick\u00e9 v\u00fdkony, spole\u010dn\u00fd cit pro improvizaci, energii a atmosf\u00e9ru.<\/p>\n\t\t\t\t<img decoding=\"async\" src=\"https:\/\/tomasliska.com\/assets\/uploads\/sites\/1372\/2022\/11\/tz-via1.jpeg\" alt=\"TZ-via1\" title=\"TZ-via1\" \/>\n\t\t\t<h2>Turumtay \/ Zari\u0107<\/h2><h2>Via<\/h2>\t\t\t\n\t\t\t\t<p>Album z roku 2020 tv\u016fr\u010d\u00edho dua Efe Turumtay &amp; Nikola Zari\u0107.<\/p>\n<p>Accordion, Arranged By\u00a0&#8211;\u00a0Nikola Zari\u0107<\/p>\n<p>Violin, Arranged By\u00a0&#8211;\u00a0Efe Turumtay<\/p>\n<p>Written-By\u00a0&#8211;\u00a0Cenk Erdo\u011fan\u00a0(tracks: 4),\u00a0Efe Turumtay\u00a0(tracks: 1,2,6),\u00a0Nikola Zari\u0107\u00a0(tracks: 1,3,8),\u00a0Tom\u00e1\u0161 Li\u0161ka\u00a0(tracks: 5),\u00a0Traditional\u00a0(tracks: 9),\u00a0\u00d6zden \u00d6ks\u00fcz\u00a0(tracks: 7)<\/p>\n\t\t\t\t<img decoding=\"async\" src=\"https:\/\/tomasliska.com\/assets\/uploads\/sites\/1372\/2022\/11\/lenka-lichtenberg-masaryk-narodni-pisne.jpg\" alt=\"lenka-lichtenberg_masaryk-narodni-pisne\" title=\"lenka-lichtenberg_masaryk-narodni-pisne\" \/>\n\t\t\t<h2>Lenka Lichtenberg<\/h2><h2>Masaryk &#8211; n\u00e1rodn\u00ed p\u00edsn\u011b<\/h2>\t\t\t\n\t\t\t\t<p>Zasa\u017eena odchodem maminky v roce 2016 se Lenka po mnoha letech vrac\u00ed ke sv\u00fdm \u010desk\u00fdm ko\u0159en\u016fm. Sv\u00fdm osobit\u00fdm zp\u016fsobem sah\u00e1 po Masarykov\u011b sborn\u00edku a spole\u010dn\u011b se skladatelem &#8211; perkusistou Tom\u00e1\u0161em Reindlem ho opat\u0159uje zcela nov\u00fdm aran\u017em\u00e1.\u00a0<br \/>&#8220;Moc se t\u011b\u0161\u00edm, \u017ee v Kanad\u011b, kde \u017eiju se svou rodinou, p\u0159edstav\u00edm svou milovanou \u010deskou lidovou hudbu. A taky moc douf\u00e1m, \u017ee na\u0161e nov\u00e9 zpracov\u00e1n\u00ed t\u011bchto kr\u00e1sn\u00fdch p\u00edsni\u010dek pot\u011b\u0161\u00ed\u00a0i ty, kte\u0159\u00ed, stejn\u011b jako j\u00e1, s nimi vyr\u016fstali&#8221;,\u00a0\u0159\u00edk\u00e1 Lenka.<\/p>\n\t\t\t\t<img decoding=\"async\" src=\"https:\/\/tomasliska.com\/assets\/uploads\/sites\/1372\/2022\/11\/nejtek.jpg\" alt=\"nejtek\" title=\"nejtek\" \/>\n\t\t\t<h2>Michal Nejtek<\/h2><h2>8 For 3 And 4<\/h2>\t\t\t\n\t\t\t\t<p>Michal Nejtek, skladatel a pianista soudob\u00e9 hudby, jeho\u017e p\u0159ibli\u017eov\u00e1n\u00ed k\u00a0jazzu jsem sledoval s\u00a0lehkou poslucha\u010dskou ned\u016fv\u011brou, te\u010f sd\u011bluje\u00a0\u201en\u00e1vrat k\u00a0akustick\u00e9mu zvuku,\u00a0ke klav\u00edru, n\u00e1vrat oklikou, n\u00e1vrat s\u00a0respektem k\u00a0rozmanitosti cest, je\u017e n\u00e1m sv\u011bt zvuku nab\u00edz\u00ed.&#8221; Ve\u00a0\u010dty\u0159iceti letech nahr\u00e1l sv\u00e9 prvn\u00ed kapelnick\u00e9 album, na n\u011bm\u017e autorsky \u010din\u00ed sly\u0161itelnou svoji vizi jazzu 2017.<\/p>\n<p>Po boku m\u00e1 op\u011bt vynikaj\u00edc\u00edho kontrabasistu\u00a0Tom\u00e1\u0161e Li\u0161ku\u00a0a jednoho z\u00a0nej\u017e\u00e1dan\u011bj\u0161\u00edch buben\u00edk\u016f na\u0161\u00ed sc\u00e9ny\u00a0Martina Nov\u00e1ka. K\u00a0triu se p\u0159id\u00e1v\u00e1 ve t\u0159ech skladb\u00e1ch origin\u00e1l mezi kytaristy sv\u00e9 generace,\u00a0Ji\u0159\u00ed \u0160imek.<\/p>\n\t\t\t\t<img decoding=\"async\" src=\"https:\/\/tomasliska.com\/assets\/uploads\/sites\/1372\/2022\/11\/mamatohe-cover.jpg\" alt=\"Mamatohe_cover\" title=\"Mamatohe_cover\" \/>\n\t\t\t<h2>Mamatohe<\/h2><h2>Mamatohe<\/h2>\t\t\t\n\t\t\t\t<p>Kvartet MAMATOHE, kter\u00fd spolu s \u010desk\u00fdmi z\u00e1stupci, kontrabasistou Tom\u00e1\u0161em Li\u0161kou a saxofonistou Marcelem B\u00e1rtou, tvo\u0159\u00ed mexick\u00fd pianista Mark Aanderud a argentinsk\u00fd buben\u00edk Hernan Hecht, nato\u010dil eponymn\u00ed album v roce 2012, v z\u00e1v\u011bru sv\u00e9ho mezin\u00e1rodn\u00edho turn\u00e9.<\/p>\n<p>Album sest\u00e1v\u00e1 ze skladeb v\u0161ech z\u00fa\u010dastn\u011bn\u00fdch hudebn\u00edk\u016f, p\u0159edev\u0161\u00edm z jejich spole\u010dn\u00fdch improvizac\u00ed a zachycuje soubor ve vynikaj\u00edc\u00ed souh\u0159e a chemii vz\u00e1jemn\u00e9ho napojen\u00ed.<\/p>\n\t\t\t\t<img decoding=\"async\" src=\"https:\/\/tomasliska.com\/assets\/uploads\/sites\/1372\/2022\/11\/dt-in-concert.jpg\" alt=\"DT_In_Concert\" title=\"DT_In_Concert\" \/>\n\t\t\t<h2>Robert K\u0159es\u0165an a Druh\u00e1 tr\u00e1va<\/h2><h2>In Concert (DVD, CD &amp; Zp\u011bvn\u00edk)<\/h2>\t\t\t\n\t\t\t\t<p>Robert K\u0159es\u0165an &#8211; zp\u011bv, mandol\u00edna, kytara<br \/>Lubo\u0161 Malina &#8211; banjo, irsk\u00e9 p\u00ed\u0161\u0165aly, mandol\u00edna, tenor saxofon, zp\u011bv<br \/>Lubo\u0161 Novotn\u00fd &#8211; dobro, lapsteel<br \/>Emil Form\u00e1nek &#8211; kytara, zp\u011bv<br \/>Tom\u00e1\u0161 Li\u0161ka &#8211; kontrabas, basov\u00e1 kytara<br \/>Kamil Slez\u00e1k &#8211; bic\u00ed n\u00e1stroje, cajon<\/p>\n<p><strong>Guests:<\/strong><br \/>Peter Rowan &#8211; zp\u011bv, kytara (13, 14, 15, 16, 24)<br \/>Kate\u0159ina Garc\u00eda &#8211; zp\u011bv, irsk\u00e1 p\u00ed\u0161\u0165ala (10, 11, 12, 24)<br \/>Pepa Malina &#8211; housle<br \/>Steve Walsh &#8211; elektrick\u00e1 kytara<\/p>\n\t\t\t\t<img decoding=\"async\" src=\"https:\/\/tomasliska.com\/assets\/uploads\/sites\/1372\/2022\/11\/pointsratajq.jpg\" alt=\"PointsRatajQ\" title=\"PointsRatajQ\" \/>\n\t\t\t<h2>Points Rataj Quintet<\/h2><h2>2016<\/h2>\t\t\t\n\t\t\t\t<p>Points vznikli na ja\u0159e roku 2007. Jej\u00edmi \u010dleny jsou p\u0159edn\u00ed hudebn\u00edci \u010desk\u00e9 jazzov\u00e9 sc\u00e9ny &#8211; Lubo\u0161 Soukup (saxofony), Oskar T\u00f6r\u00f6k (trubka), Tom\u00e1\u0161 Li\u0161ka (kontrabas), Tom\u00e1\u0161 Hobzek (bic\u00ed). Za dobu sv\u00e9 existence Points odehr\u00e1li \u0159adu koncert\u016f a z\u00edskali n\u011bkolik ocen\u011bn\u00ed na presti\u017en\u00edch mezin\u00e1rodn\u00edch sout\u011b\u017e\u00edch (nejv\u00fdznamn\u011bj\u0161\u00ed je 1. cena na festivale ve \u0161pan\u011blsk\u00e9m Getxo).<\/p>\n<p>Novinkou roku 2015 je, \u017ee se ke kapele p\u0159ipojil skladatel a zvukov\u00fd performer Michal Rataj, kter\u00fd pracuje s elektronick\u00fdm zvukem v re\u00e1ln\u00e9m \u010dase a dod\u00e1v\u00e1 tak kapele nov\u00e9 zvukov\u00e9 mo\u017enosti a inspiraci. Points je kapela se siln\u00fdm emocion\u00e1ln\u00edm n\u00e1bojem a jejich hudba je n\u00e1padit\u00e1, bohat\u00e1, nespoutan\u00e1 konvencemi, atmosferick\u00e1 a dynamick\u00e1.<\/p>\n\t\t\t\t<img decoding=\"async\" src=\"https:\/\/tomasliska.com\/assets\/uploads\/sites\/1372\/2022\/11\/fragile-bliss.jpg\" alt=\"Fragile_bliss\" title=\"Fragile_bliss\" \/>\n\t\t\t<h2>Malina Li\u0161ka Nejtek<\/h2><h2>Fragile Bliss<\/h2>\t\t\t\n\t\t\t\t<p>Album z roku 2015, kter\u00e9 z\u00edskalo nominaci na Ceny And\u011bl v kategorii Jazz. Kompozice ryze autorsk\u00e9 z d\u00edlny v\u0161ech \u010dlen\u016f ans\u00e1mblu.<\/p>\n<p>Tom\u00e1\u0161 Li\u0161ka &#8211; kontrabas<br \/>Lubo\u0161 Malina &#8211; banjo, baritone banjo, kaval, whistle<br \/>Michal Nejtek &#8211; piano<\/p>\n\t\t\t\t<img decoding=\"async\" src=\"https:\/\/tomasliska.com\/assets\/uploads\/sites\/1372\/2022\/11\/dumkova-kompas.jpg\" alt=\"dumkova_kompas\" title=\"dumkova_kompas\" \/>\n\t\t\t<h2>Zuzana Dumkov\u00e1<\/h2><h2>Kompas<\/h2>\t\t\t\n\t\t\t\t<p>Amplion 2015. Vnit\u0159n\u00ed kompas z\u0159ejm\u011b vede Zuzanu Dumkovou k muzikantsk\u00e9 preciznosti. Preciznosti, kter\u00e1 si neodporuje s citovost\u00ed. Mo\u017en\u00e1 proto v\u00fdjime\u010dn\u00e1 zp\u011bva\u010dka a autorka vyd\u00e1v\u00e1 alba tak vz\u00e1cn\u011b. Nov\u00e1 deska je v\u011bnov\u00e1na dce\u0159i Johance, kter\u00e9 pat\u0159\u00ed i jedna z nejzda\u0159ilej\u0161\u00edch p\u00edsn\u00ed alba. Ale pokud po\u010d\u00edt\u00e1me i nahr\u00e1vky vydan\u00e9 vlastn\u00edm n\u00e1hkladem, jde teprve o p\u00e1tou polo\u017eku diskografie (v\u010detn\u011b jednoho koncertn\u00edho z\u00e1znamu) za t\u0159i dek\u00e1dy hudebn\u00edho putov\u00e1n\u00ed.<\/p>\n\t\t\t\t<img decoding=\"async\" src=\"https:\/\/tomasliska.com\/assets\/uploads\/sites\/1372\/2022\/11\/turumtay-zaric.jpg\" alt=\"Turumtay_Zaric\" title=\"Turumtay_Zaric\" \/>\n\t\t\t<h2>Turumtay &amp; Zari\u0107<\/h2><h2>Ad Spem<\/h2>\t\t\t\n\t\t\t\t<p>Lotus Records, 2015<\/p>\n<p>Efe Turumtay: violin<br \/>Nikola Zaric: accordion<br \/>Tom\u00e1\u0161 Li\u0161ka: acoustic bass<\/p>\n\t\t\t\t<img decoding=\"async\" src=\"https:\/\/tomasliska.com\/assets\/uploads\/sites\/1372\/2022\/11\/zambosi.jpg\" alt=\"zambosi\" title=\"zambosi\" \/>\n\t\t\t<h2>\u017dambo\u0161i<\/h2><h2>P\u00f3l nedostupnosti<\/h2>\t\t\t\n\t\t\t\t<p>V po\u0159ad\u00ed t\u0159et\u00ed \u0159adov\u00e9 album kapely\u00a0\u017dambo\u0161i\u00a0z roku\u00a02014\u00a0se jmenuje\u00a0P\u00f3l nedostupnosti. Obsahuje dvan\u00e1ct p\u00edsn\u00ed, pro n\u011b\u017e bylo inspirac\u00ed p\u0159edev\u0161\u00edm srdce, jak oa CD s oblibou tvrd\u00ed Jan. Oproti p\u0159edch\u00e1zej\u00edc\u00edm titul\u016fm se tato deska m\u016f\u017ee jevit temn\u011bj\u0161\u00ed, ale v\u017edy pr\u00fd z\u00e1le\u017e\u00ed na \u00fahlu pohledu a moment\u00e1ln\u00edm emocion\u00e1ln\u00edm nalad\u011bn\u00ed.<\/p>\n<p>P\u00f3l nedostupnosti byl nominov\u00e1n na cenu And\u011bl v kategorii folk&amp;country, nominaci neprom\u011bnil, pr\u00fd o p\u00edrko zv\u00edt\u011bzili Brat\u0159i Ebenov\u00e9.<\/p>\n\t\t\t\t<img decoding=\"async\" src=\"https:\/\/tomasliska.com\/assets\/uploads\/sites\/1372\/2022\/11\/kon-sira.jpg\" alt=\"Kon-Sira\" title=\"Kon-Sira\" \/>\n\t\t\t<h2>Kon-Sira<\/h2><h2>Kon-Sira<\/h2>\t\t\t\n\t\t\t\t<p>Good Day Publishing 2013<\/p>\n<p>Kate\u0159ina Garc\u00eda &#8211; vocal<br \/>Barbara Garc\u00eda &#8211; vocal<br \/>Lubo\u0161 Malina &#8211;\u00a0 kaval, tarogato, clarinet, flute, banjo<br \/>Tom\u00e1\u0161 Li\u0161ka &#8211; acoustic bass<br \/>Predrug Duronji\u010d &#8211; acoustic guitar, vocal<\/p>\n\t\t\t\t<img decoding=\"async\" src=\"https:\/\/tomasliska.com\/assets\/uploads\/sites\/1372\/2022\/11\/dt-pojdme-se-napit.jpg\" alt=\"DT_pojdme_se_napit\" title=\"DT_pojdme_se_napit\" \/>\n\t\t\t<h2>Robert K\u0159es\u0165an &amp; Druh\u00e1 Tr\u00e1va<\/h2><h2>Poj\u010fme se nap\u00edt<\/h2>\t\t\t\n\t\t\t\t<p>Parlophone, 2013<\/p>\n<p>Dosud v\u011bt\u0161inou nenahran\u00e9 p\u00edsni\u010dky a texty Roberta K\u0159es\u0165ana z obdob\u00ed Poutn\u00edk\u016f a Traper\u016f, kter\u00e9 m\u011bl autor chu\u0165 si znovu zazp\u00edvat za doprovodu a spolu\u00fa\u010dasti Druh\u00e9 tr\u00e1vy.<\/p>\n<p>Druh\u00e1 tr\u00e1va nato\u010dila album Poj\u010fme se nap\u00edt ve slo\u017een\u00ed: Robert K\u0159es\u0165an zp\u011bv, Lubo\u0161 Malina banjo, whistle, kaval, klarinet, vok\u00e1l, Lubo\u0161 Novotn\u00fd dobro, lap steel, Emil Form\u00e1nek kytara, vok\u00e1l, Tom\u00e1\u0161 Li\u0161ka kontrabas, Kamil Slez\u00e1k bic\u00ed. Jako host\u00e9 se na n\u011bm pod\u00edleli: Charlie McCoy foukac\u00ed harmonika, Pavel Petr\u017eela vok\u00e1l, Tom\u00e1\u0161 Buzek vok\u00e1l, a produkoval ho dlouholet\u00fd kamar\u00e1d skupiny Steve Walsh. <\/p>\n\t\t\t\t<img decoding=\"async\" src=\"https:\/\/tomasliska.com\/assets\/uploads\/sites\/1372\/2022\/11\/kral-lstiburek-blazinec.jpeg\" alt=\"Kral_Lstiburek_Blazinec\" title=\"Kral_Lstiburek_Blazinec\" \/>\n\t\t\t<h2>Lstib\u016frek &amp; Kr\u00e1l<\/h2><h2>Bl\u00e1zinec<\/h2>\t\t\t\n\t\t\t\t<p>Autorsk\u00e9 album tv\u016fr\u010d\u00edho dua Jan Lstib\u016frek &amp; Robin Kr\u00e1l s \u0159adou v\u00fdznamn\u00fdch host\u016f: David Koller, Ewa Farna, Ji\u0159\u00ed Such\u00fd, Tom\u00e1\u0161 Klus, Xindl X, Ivan Hlas, Iva Pazderkov, Marek Eben a dal\u0161\u00ed&#8230;<\/p>\n\t\t\t\t<img decoding=\"async\" src=\"https:\/\/tomasliska.com\/assets\/uploads\/sites\/1372\/2022\/11\/eternal-seekers-2.jpg\" alt=\"Eternal seekers 2\" title=\"Eternal seekers 2\" \/>\n\t\t\t<h2>Lenka Dusilov\u00e1 \/ Beata Hlavenkov\u00e1 \/ Clarinet Factory<\/h2><h2>Eternal Seekers<\/h2>\t\t\t\n\t\t\t\t<p>Soubor ETERNAL SEEKERS, kter\u00fd tvo\u0159\u00ed zp\u011bva\u010dka Lenka Dusilov\u00e1, klav\u00edristka Beata Hlavenkov\u00e1 a \u010dlenov\u00e9 klarinetov\u00e9ho kvarteta Clarinet Factory, vydal v roce 2008 eponymn\u00ed debutov\u00e9 album, za kter\u00e9 Lenka Dusilov\u00e1 obdr\u017eela cenu &#8220;And\u011bl&#8221; jako zp\u011bva\u010dka roku; album sb\u00edralo nad\u0161en\u00e9 kritick\u00e9 ohlasy a nov\u011b vznikl\u00e1 kapela z\u00edskala \u0159adu p\u0159\u00edznivc\u016f.<\/p>\n\t\t\t\t<img decoding=\"async\" src=\"https:\/\/tomasliska.com\/assets\/uploads\/sites\/1372\/2022\/11\/dt-zive-v-telci.jpg\" alt=\"DT_zive_v_telci\" title=\"DT_zive_v_telci\" \/>\n\t\t\t<h2>Robert K\u0159es\u0165an &amp; Druh\u00e1 Tr\u00e1va<\/h2><h2>\u017div\u011b v Tel\u010di<\/h2>\t\t\t\n\t\t\t\t<p>Parlophone, 2012<\/p>\n<p>Live z\u00e1znam koncertu v Tel\u010di po\u0159\u00edzen\u00fd letos v l\u00e9t\u011b. Zachycuje v\u011bt\u0161inou autorsk\u00e9 p\u00edsn\u011b Roberta K\u0159es\u0165ana, ale i p\u00edsn\u011b Boba Dylana a skladbu Telegraph Road v \u00faprav\u011b Druh\u00e9 tr\u00e1vy. V\u0161echny \u010desk\u00e9 texty napsal tak\u00e9 R. K\u0159es\u0165an. V n\u011bkolika p\u00edsn\u00edch hostuje na elektrickou kytaru americk\u00fd muzikant Steve Walsh, mj. t\u00e9\u017e producent posledn\u00edho alba Druh\u00e9 tr\u00e1vy Marcip\u00e1n z Toleda.<\/p>\n<p>V limitovan\u00e9 2CD edici vych\u00e1zej\u00ed spolu s tel\u010dsk\u00fdm koncertem nahr\u00e1vky z vystoupen\u00ed, kter\u00e1 skupina odehr\u00e1la vloni v r\u00e1mci oslav 20. V\u00fdro\u010d\u00ed sv\u00e9ho zalo\u017een\u00ed s n\u011bkolika hosty. Z nich je t\u0159eba jmenovat zejm\u00e9na Ameri\u010dany Charlieho McCoye, Petera Rowana a d\u00e1le Katku Garcia.<\/p>\n\t\t\t\t<img decoding=\"async\" src=\"https:\/\/tomasliska.com\/assets\/uploads\/sites\/1372\/2022\/11\/bobek.png\" alt=\"bobek\" title=\"bobek\" \/>\n\t\t\t<h2>Pavel Bobek<\/h2><h2>Kruhy<\/h2>\t\t\t\n\t\t\t\t<p>Parlaphone, 2012<\/p>\n<p>Pan Pavel Bobek vyd\u00e1v\u00e1 nov\u00e9 album Kruhy.<br \/>Na albovou novinku za\u0159adil coververze p\u00edsn\u00ed E. Claptona, G. Cladwella, M. Holllidaye, Ch. Cornel-la, K. Kristoffersona, W. Nelsona ad. Otextovali je ost\u0159\u00edlen\u00ed V. Po\u0161tulka, R. K\u0159es\u0165an, M. \u010cern\u00fd ad. i s\u00e1m P. Bobek.<\/p>\n<p>P\u016fvodn\u00ed p\u00edsn\u011b pro n\u011bj slo\u017eili muzikant a z\u00e1rove\u0148 producent alba Lubo\u0161 Malina (Druh\u00e1 tr\u00e1va, Malinaband, Garcia) a Ji\u0159\u00ed Ma\u0161ek.<\/p>\n\t\t\t\t<img decoding=\"async\" src=\"https:\/\/tomasliska.com\/assets\/uploads\/sites\/1372\/2022\/11\/walshdaily.jpg\" alt=\"WalshDaily\" title=\"WalshDaily\" \/>\n\t\t\t<h2>Seve Walsh<\/h2><h2>Daily Specials<\/h2>\t\t\t\n\t\t\t\t<p>Americk\u00fd kytarista, skladatel a producent Steve Walsh (pohybuj\u00edc\u00ed se ve vod\u00e1ch blues, jazzu, country i rocku) nato\u010dil nov\u00e9 s\u00f3lov\u00e9 album v \u010cech\u00e1ch za \u00fa\u010dasti m\u00edstn\u00edch hudebn\u00edk\u016f, jimi\u017e jsou Jan Ko\u0159\u00ednek (hammond), Tom\u00e1\u0161 Li\u0161ka (kontrabas) a Daniel \u0160oltis (bic\u00ed).<\/p>\n<p>Album obsahuje Walshovy vlastn\u00ed i p\u0159evzat\u00e9 skladby a v\u00e9vod\u00ed mu syrov\u00fd zvuk Walshovy elektrick\u00e9 kytary, podpo\u0159en\u00fd velmi stylov\u00fdm doprovodem hammondek a val\u00edc\u00ed se akustickou rytmikou.<\/p>\n<p>Steve Walsh &#8211; guitar \/Tomas Liska &#8211; acoustic bass \/ Jan Korinek &#8211; Hammond B3 \/ Daniel Soltis &#8211; drums<\/p>\n\t\t\t\t<img decoding=\"async\" src=\"https:\/\/tomasliska.com\/assets\/uploads\/sites\/1372\/2022\/11\/shuttle.jpg\" alt=\"Shuttle\" title=\"Shuttle\" \/>\n\t\t\t<h2>Robert K\u0159es\u0165an &amp; Druh\u00e1 tr\u00e1va<\/h2><h2>Shuttle To Bethlehem<\/h2>\t\t\t\n\t\t\t\t<p>Indies Happy Trails 2011<\/p>\n<p>V roce sv\u00fdch dvac\u00e1t\u00fdch narozenin vyd\u00e1v\u00e1 Druh\u00e1 tr\u00e1va u\u017e druh\u00e9 studiov\u00e9 album. Po CD <em>Marcip\u00e1n z Toleda<\/em> (Universal 2011), kter\u00e9mu dominovaly nov\u00e9 autorsk\u00e9 p\u00edsn\u011b s \u010desk\u00fdmi texty Roberta K\u0159es\u0165ana, vych\u00e1z\u00ed u Indies Happy Trails p\u0159ev\u00e1\u017en\u011b anglicky zp\u00edvan\u00e1 kolekce <em>Shuttle to Bethlehem<\/em>.<\/p>\n<p>Sedm let po CD <em>Good Morning Friend<\/em> (Universal 1998) tak jde o dal\u0161\u00ed po\u010din kapely ur\u010den\u00fd p\u0159edev\u0161\u00edm jej\u00edm americk\u00fdm fanou\u0161k\u016fm, p\u0159i\u010dem\u017e tentokr\u00e1t poprv\u00e9 p\u0159eva\u017euj\u00ed K\u0159es\u0165anovy texty p\u0159elo\u017een\u00e9 do angli\u010dtiny.<\/p>\n\t\t\t\t<img decoding=\"async\" src=\"https:\/\/tomasliska.com\/assets\/uploads\/sites\/1372\/2022\/11\/dt-marcipan.jpg\" alt=\"DT_Marcipan\" title=\"DT_Marcipan\" \/>\n\t\t\t<h2>Robert K\u0159es\u0165an &amp; Druh\u00e1 tr\u00e1va<\/h2><h2>Marcip\u00e1n z Toleda<\/h2>\t\t\t\n\t\t\t\t<p><em>\u201eNov\u00e1 nahr\u00e1vka dostala n\u00e1zev Marcip\u00e1n z Toleda podle jedn\u00e9 z p\u00edsn\u00ed. Robert K\u0159es\u0165an se tentokr\u00e1t v textech vypo\u0159\u00e1d\u00e1v\u00e1 s t\u00e9matem \u017eivota a smrti, kterou v posledn\u00ed dob\u011b n\u011bkolikr\u00e1t za\u017eil ve sv\u00e9m okol\u00ed, ale cel\u00e1 deska kon\u010d\u00ed nad\u011bj\u00ed&#8221;<\/em> popisuje kapeln\u00edk Druh\u00e9 tr\u00e1vy Lubo\u0161 Malina.<\/p>\n<p>Nov\u00e9 album podle n\u011bj zn\u00ed odli\u0161n\u011b, ne\u017e dosavadn\u00ed nahr\u00e1vky skupiny. Jednak za to m\u016f\u017ee atmosf\u00e9ra americk\u00e9ho Nashvillu, kde nahr\u00e1vka vznikala a hlavn\u011b anga\u017eov\u00e1n\u00ed zdej\u0161\u00edho producenta Steva Walshe, kter\u00fd dohl\u00ed\u017eel na aran\u017em\u00e1 a samotn\u00e9 nat\u00e1\u010den\u00ed. Bylo v\u016fbec poprv\u00e9 v historii Druh\u00e9 tr\u00e1vy, kdy m\u011bl pr\u00e1ce ve studiu pod dohledem muzikant, kter\u00fd v kapele nep\u016fsob\u00ed. \u201eSteve byl s n\u00e1mi od za\u010d\u00e1tku, kdy\u017e jsme za\u010dali nov\u00e9 p\u00edsni\u010dky zkou\u0161et. Spolupr\u00e1ce s n\u00edm p\u0159ed\u010dila na\u0161e o\u010dek\u00e1v\u00e1n\u00ed. Poda\u0159ilo se mu vyt\u00e1hnout to nejlep\u0161\u00ed, co v n\u00e1s je,&#8221; m\u00edn\u00ed Malina.<\/p>\n\t\t\t\t<img decoding=\"async\" src=\"https:\/\/tomasliska.com\/assets\/uploads\/sites\/1372\/2022\/11\/kudykam.jpg\" alt=\"kudykam\" title=\"kudykam\" \/>\n\t\t\t<h2>Petr Hapka &amp; Michal Hor\u00e1\u010dek<\/h2><h2>Kudykam<\/h2>\t\t\t\n\t\t\t\t<p>Sony BMG 2009<\/p>\n<p>Petr Hapka, Michal Hor\u00e1\u010dek, Ond\u0159ej Brzobohat\u00fd, Jana Lota, Jan Sklen\u00e1\u0159, Franti\u0161ek Segrado, Jan Maxi\u00e1n, Vojt\u011bch Dyk, Richard Kraj\u010do, Karel Gott, Ond\u0159ej Ruml, Lenka Nov\u00e1, Csongor Kassai, Karel Dobr\u00fd, Roman Lomtadze, Josef \u0160t\u011bp\u00e1nek a j.<\/p>\n\t\t\t\t<img decoding=\"async\" src=\"https:\/\/tomasliska.com\/assets\/uploads\/sites\/1372\/2022\/11\/lenka-lichtenberg-fray.jpg\" alt=\"Lenka_Lichtenberg_Fray\" title=\"Lenka_Lichtenberg_Fray\" \/>\n\t\t\t<h2>Lenka Lichtenberg<\/h2><h2>Fray<\/h2>\t\t\t\n\t\t\t\t<p>Album kanadsko-\u010desk\u00e9 zp\u011bva\u010dky Lenky Lichtenberg. Nominov\u00e1no na cenu Canadian Folk Music Awards 2011<\/p>\n<p>\u00da\u010dinkuj\u00ed: Tomas Liska, Alexis Basque, Kevin Fox, Alan Hetherington, Brian Katz, Ravi Naimpally, Tuhgsin Nawfal, Kiki Neret, Alexander Shonert, Natalie Shonert, Ernie Tollar.<\/p>\n\t\t\t\t<img decoding=\"async\" src=\"https:\/\/tomasliska.com\/assets\/uploads\/sites\/1372\/2022\/11\/points.jpg\" alt=\"points\" title=\"points\" \/>\n\t\t\t<h2>Points<\/h2><h2>Points<\/h2>\t\t\t\n\t\t\t\t<p>Mlad\u00fd kvartet POINTS hraj\u00edc\u00ed bez harmonick\u00e9ho n\u00e1stroje p\u0159in\u00e1\u0161\u00ed na sv\u00e9m debutov\u00e9m albu nesm\u00edrn\u011b inven\u010dn\u00ed a konvencemi nezat\u00ed\u017eenou vlastn\u00ed tvorbu, a to kr\u00e1tce pot\u00e9, kdy z\u00edskal na v\u00fdznamn\u00fdch festivalech v\u00a0Evrop\u011b d\u016fle\u017eit\u00e1 ocen\u011bn\u00ed.<\/p>\n<p>Lubo\u0161 Soukup\u00a0&#8211; tenor a sopr\u00e1n saxofon, klarinet, zp\u011bv Miroslav Hloucal\u00a0&#8211; trubka a k\u0159\u00eddlovka, kalimba Tom\u00e1\u0161 Li\u0161ka\u00a0&#8211; kontrabas Tom\u00e1\u0161 Hobzek\u00a0&#8211; bic\u00ed a perkuse<\/p>\n<p>Host\u00e9: Petr Kalfus &#8211; alt a sopr\u00e1n saxofon Marcel B\u00e1rta &#8211; basklarinet Jan Jirucha ml. &#8211; tromb\u00f3n Dorota Barov\u00e1 &#8211; zp\u011bv Milan Cimfe &#8211; perkuse<\/p>\n\t\t\t\t<img decoding=\"async\" src=\"https:\/\/tomasliska.com\/assets\/uploads\/sites\/1372\/2022\/11\/cyrille-oswald-the-wrong-present.jpg\" alt=\"Cyrille Oswald - The Wrong Present\" title=\"Cyrille Oswald - The Wrong Present\" \/>\n\t\t\t<h2>Cyrille Oswald<\/h2><h2>The Wrong Present<\/h2>\t\t\t\n\t\t\t\t<p>Animal Music 2010<\/p>\n<p>Cyrille Oswald\u00a0&#8211; tenor &amp; sopran sax<br \/>David Dor\u016f\u017eka\u00a0&#8211; acoustic &amp; electric guitar<br \/>Tom\u00e1\u0161 Li\u0161ka\u00a0&#8211; acoustic bass<br \/>Daniel \u0160oltis\u00a0&#8211; drums<\/p>\n\t\t\t\t<img decoding=\"async\" src=\"https:\/\/tomasliska.com\/assets\/uploads\/sites\/1372\/2022\/11\/tomas-hobzek-quartet-stick-it-out.jpg\" alt=\"Toma\u0301s\u030c Hobzek Quartet - Stick It Out\" title=\"Toma\u0301s\u030c Hobzek Quartet - Stick It Out\" \/>\n\t\t\t<h2>Tom\u00e1\u0161 Hobzek Quartet<\/h2><h2>Stick It Out<\/h2>\t\t\t\n\t\t\t\t<p>Debutov\u00e9 s\u00f3lov\u00e9 album Tom\u00e1\u0161e Hobzeka,\u00a0zakl\u00e1daj\u00edc\u00edho\u00a0\u010dlena\u00a0kapel Organic Quartet a Points. V\u00a0p\u0159esv\u011bd\u010div\u00e9 a nesm\u00edrn\u011b inven\u010dn\u00ed interpretaci zde zazn\u00edvaj\u00ed jeho vlastn\u00ed skladby a skladby jeho spoluhr\u00e1\u010d\u016f, jimi\u017e jsou newyorsk\u00fd klav\u00edrista Dan Tepfer a kontrabasista Tom\u00e1\u0161 Li\u0161ka. Kvareteto dopl\u0148uje v\u00a0Praze usazen\u00fd holadnsk\u00fd saxofonista Cyrille Oswald.\u00a0<\/p>\n\t\t\t\t<img decoding=\"async\" src=\"https:\/\/tomasliska.com\/assets\/uploads\/sites\/1372\/2022\/11\/matejbenko-taa.jpg\" alt=\"matejbenko_taa\" title=\"matejbenko_taa\" \/>\n\t\t\t<h2>Matej Benko Quintet<\/h2><h2>Time Against Us<\/h2>\t\t\t\n\t\t\t\t<p>Arta Records 2009<\/p>\n<p>Matej Benko &#8211; piano<br \/>Tom\u00e1\u0161 Li\u0161ka &#8211; acustic bass<br \/>Pavel Zbo\u0159il &#8211; drums<br \/>Miroslav Hloucal &#8211; trumpet, flugehorn<br \/>Radek Zapadlo &#8211; sax<\/p>\n\t\t\t\t<img decoding=\"async\" src=\"https:\/\/tomasliska.com\/assets\/uploads\/sites\/1372\/2022\/11\/points-getxo.jpg\" alt=\"points_getxo\" title=\"points_getxo\" \/>\n\t\t\t<h2>Points<\/h2><h2>Getxo Live<\/h2>\t\t\t\n\t\t\t\t<p>Errabal 2009<\/p>\n<p>\u017div\u00e1 nahr\u00e1vka z jazzov\u00e9ho festivalu ve \u0161pan\u011blsk\u00e9m Getxu.<\/p>\n<p>Lubo\u0161 Soukup &#8211; tenor &amp; sopran sax, clarinet<br \/>Miroslav Hloucal &#8211; trumpet<br \/>Tom\u00e1\u0161 Li\u0161ka &#8211; acoustic bass<br \/>Tom\u00e1\u0161 Hobzek &#8211; drums &amp; percussion<\/p>\n\t\t\t\t<img decoding=\"async\" src=\"https:\/\/tomasliska.com\/assets\/uploads\/sites\/1372\/2022\/11\/soil.jpg\" alt=\"soil\" title=\"soil\" \/>\n\t\t\t<h2>S.O.I.L.<\/h2><h2>Looking Back<\/h2>\t\t\t\n\t\t\t\t<p>Inner Level \/ MadDrum 2008<\/p>\n<p>Zuzana Krop\u00e1\u010dov\u00e1 &#8211; vocal<br \/>Tom\u00e1\u0161 Li\u0161ka &#8211; acustic bass<br \/>Ale\u0161 Slav\u00edk &#8211; electric bass<br \/>Ji\u0159\u00ed \u0160imek &#8211; guitars<br \/>Tom\u00e1\u0161 Herian &#8211; drums<br \/>Jakub Zitko &#8211; keyboard, piano<\/p>\n\t\t\t\t<img decoding=\"async\" src=\"https:\/\/tomasliska.com\/assets\/uploads\/sites\/1372\/2022\/11\/pbb.jpg\" alt=\"PBB\" title=\"PBB\" \/>\n\t\t\t<h2>Milan Svoboda<\/h2><h2>Good News &#8211; The Best of Prague Big Band<\/h2>\t\t\t\n\t\t\t\t<p>Cube-Metier 2008<br \/>All titles composed, arranged and conducted by Milan Svoboda<\/p>\n<p>Prague Big Band is:<\/p>\n<p>Martin Plachy, Marcel Barta, Tomas Kremenak, Milan Krajic, Pavel Pivarci\u00a0&#8211; saxophones<br \/>Zdenek Sedivy, Stanislav Zeman, Radek Nemec, Michal Gera\u00a0&#8211; trumpets<br \/>Premysl Tomsicek, Svatopluk Kosvanec, Jan Vimr &#8211;\u00a0trombones,<br \/>Filip Spaleny\u00a0&#8211; tuba,<br \/>Krystof Marek\u00a0&#8211; piano,<br \/>Jiri Simek\u00a0&#8211; guitar<br \/>Tomas Liska\u00a0&#8211; bass,<br \/>Ivan Audes\u00a0&#8211; drums<\/p>\n\t\t\t\t<img decoding=\"async\" src=\"https:\/\/tomasliska.com\/assets\/uploads\/sites\/1372\/2022\/11\/veramartinova.jpg\" alt=\"veramartinova\" title=\"veramartinova\" \/>\n\t\t\t<h2>V\u011bra Martinov\u00e1<\/h2><h2>V\u011b\u0159\u00edm sv\u00fdm sn\u016fm<\/h2>\t\t\t\n\t\t\t\t<p>Popron Music 2006<\/p>\n<p>V\u011bra Martinov\u00e1 &#8211; vocal, guitar<br \/>Lenka Slav\u00edkv\u00e1 &#8211; vocal<br \/>Tom\u00e1\u0161 Li\u0161ka &#8211; acoustic bass, electric fretless<br \/>Jamie Marshall &#8211; vocal, guitar<br \/>Beata Hlavenkov\u00e1 &#8211; piano, keyboards<br \/>Jarda Petr\u00e1sek &#8211; drums<\/p>\n\n","protected":false},"excerpt":{"rendered":"<p>RECORDINGS AS A SIDEMAN AS A SIDEMAN APPEARS ON&#8230; Robert K\u0159es\u0165an &amp; Druh\u00e1 tr\u00e1va D\u00edl druh\u00fd Album z roku 2022 Produkce _________________ Eddie Stevens &amp; Druh\u00e1 tr\u00e1vaNato\u010deno ve studi\u00edch Sono Records, Nouzov, \u010cesk\u00e1 republika v dubnu 2020, zvuk Adam Karl\u00edka Birdland Studios, Pova\u017esk\u00e1 Tepl\u00e1, Slovensko v lednu 2022, zvuk Milo\u0161 Rojko ml.Hudebn\u00ed produkce ____ Eddie&hellip;<\/p>\n","protected":false},"author":935,"featured_media":0,"parent":0,"menu_order":0,"comment_status":"closed","ping_status":"closed","template":"","meta":{"footnotes":""},"class_list":["post-7427","page","type-page","status-publish","hentry"],"_links":{"self":[{"href":"https:\/\/tomasliska.com\/en\/wp-json\/wp\/v2\/pages\/7427","targetHints":{"allow":["GET"]}}],"collection":[{"href":"https:\/\/tomasliska.com\/en\/wp-json\/wp\/v2\/pages"}],"about":[{"href":"https:\/\/tomasliska.com\/en\/wp-json\/wp\/v2\/types\/page"}],"author":[{"embeddable":true,"href":"https:\/\/tomasliska.com\/en\/wp-json\/wp\/v2\/users\/935"}],"replies":[{"embeddable":true,"href":"https:\/\/tomasliska.com\/en\/wp-json\/wp\/v2\/comments?post=7427"}],"version-history":[{"count":4,"href":"https:\/\/tomasliska.com\/en\/wp-json\/wp\/v2\/pages\/7427\/revisions"}],"predecessor-version":[{"id":7509,"href":"https:\/\/tomasliska.com\/en\/wp-json\/wp\/v2\/pages\/7427\/revisions\/7509"}],"wp:attachment":[{"href":"https:\/\/tomasliska.com\/en\/wp-json\/wp\/v2\/media?parent=7427"}],"curies":[{"name":"wp","href":"https:\/\/api.w.org\/{rel}","templated":true}]}}